{"id":813,"date":"2020-03-29T16:40:24","date_gmt":"2020-03-29T15:40:24","guid":{"rendered":"https:\/\/www.kindergarten-weidenbach.de\/wordpress\/?page_id=813"},"modified":"2025-10-02T07:35:05","modified_gmt":"2025-10-02T06:35:05","slug":"veranstaltungen-aktionen","status":"publish","type":"page","link":"https:\/\/www.kindergarten-weidenbach.de\/wordpress\/termin\/veranstaltungen-aktionen\/","title":{"rendered":"Veranstaltungen &#038; Aktionen"},"content":{"rendered":"\n<h3>Termine<\/h3>\n<table  class=\" table table-hover\" style=\"width: 100%; height: 489px;\">\n<tbody>\n<tr style=\"height: 45px;\">\n<td style=\"width: 19.885%; height: 45px;\">07.10.2025<\/td>\n<td style=\"width: 1.19048%; height: 45px;\">\u00a0<\/td>\n<td style=\"width: 80.1724%; height: 45px;\">Erntedankfeier<\/td>\n<\/tr>\n<tr style=\"height: 45px;\">\n<td style=\"width: 19.885%; height: 45px;\">05.10.2025<\/td>\n<td style=\"width: 1.19048%; height: 45px;\">\u00a0<\/td>\n<td style=\"width: 80.1724%; height: 45px;\">Familiengottesdienst zu Erntedank um 10.00 Uhr in der Markgrafenkirche<\/td>\n<\/tr>\n<tr style=\"height: 45px;\">\n<td style=\"width: 19.885%; height: 45px;\">06.10.2025<\/td>\n<td style=\"width: 1.19048%; height: 45px;\">\u00a0<\/td>\n<td style=\"width: 80.1724%; height: 45px;\">1. Elternabend um 18.00 Uhr<\/td>\n<\/tr>\n<tr style=\"height: 45px;\">\n<td style=\"width: 19.885%; height: 45px;\">11.11.2025<\/td>\n<td style=\"width: 1.19048%; height: 45px;\">\u00a0<\/td>\n<td style=\"width: 80.1724%; height: 45px;\">Laternenumzug um 17.00 Uhr<\/td>\n<\/tr>\n<tr style=\"height: 37px;\">\n<td style=\"width: 19.885%; height: 10px;\">\u00a0<\/td>\n<td style=\"width: 1.19048%; height: 10px;\">\u00a0<\/td>\n<td style=\"width: 80.1724%; height: 10px;\">\u00a0<\/td>\n<\/tr>\n<tr style=\"height: 299px;\">\n<td style=\"width: 19.885%; height: 299px;\">20. &#8211; 22. Januar 2026<\/td>\n<td style=\"width: 1.19048%; height: 299px;\">\u00a0<\/td>\n<td style=\"width: 80.1724%; height: 299px;\">\n<p>Anmeldetage<br \/>F\u00fcr folgende Gruppen k\u00f6nnen Sie Ihr Kind f\u00fcr das Kindergartenjahr 2025 \/ 2026 (September 2025 bis August 2026) anmelden:<\/p>\n<ul>\n<li><strong>Krippengruppe ab 1 Jahr<\/strong><\/li>\n<li><strong>Kindergartengruppe ab 3 Jahren<\/strong><\/li>\n<\/ul>\n<p>Bei Bedarf d\u00fcrfen Sie gerne in der Zeit von 8.00 Uhr bis 11.00 Uhr im Haus des Kindes, Ringstr. 2, vorbeikommen.<\/p>\n<\/td>\n<\/tr>\n<\/tbody>\n<\/table>\n","protected":false},"excerpt":{"rendered":"<p>Termine 07.10.2025 \u00a0 Erntedankfeier 05.10.2025 \u00a0 Familiengottesdienst zu Erntedank um 10.00 Uhr in der Markgrafenkirche 06.10.2025 \u00a0 1. Elternabend um 18.00 Uhr 11.11.2025 \u00a0 Laternenumzug um 17.00 Uhr \u00a0 \u00a0 \u00a0 20. &#8211; 22. Januar 2026 \u00a0 AnmeldetageF\u00fcr folgende Gruppen k\u00f6nnen Sie Ihr Kind f\u00fcr das Kindergartenjahr 2025 \/ 2026 (September 2025 bis August 2026) [&hellip;]<\/p>\n","protected":false},"author":3,"featured_media":0,"parent":699,"menu_order":1,"comment_status":"closed","ping_status":"closed","template":"","meta":{"ngg_post_thumbnail":0,"footnotes":""},"class_list":["post-813","page","type-page","status-publish","hentry"],"jetpack_sharing_enabled":true,"_links":{"self":[{"href":"https:\/\/www.kindergarten-weidenbach.de\/wordpress\/wp-json\/wp\/v2\/pages\/813","targetHints":{"allow":["GET"]}}],"collection":[{"href":"https:\/\/www.kindergarten-weidenbach.de\/wordpress\/wp-json\/wp\/v2\/pages"}],"about":[{"href":"https:\/\/www.kindergarten-weidenbach.de\/wordpress\/wp-json\/wp\/v2\/types\/page"}],"author":[{"embeddable":true,"href":"https:\/\/www.kindergarten-weidenbach.de\/wordpress\/wp-json\/wp\/v2\/users\/3"}],"replies":[{"embeddable":true,"href":"https:\/\/www.kindergarten-weidenbach.de\/wordpress\/wp-json\/wp\/v2\/comments?post=813"}],"version-history":[{"count":18,"href":"https:\/\/www.kindergarten-weidenbach.de\/wordpress\/wp-json\/wp\/v2\/pages\/813\/revisions"}],"predecessor-version":[{"id":2855,"href":"https:\/\/www.kindergarten-weidenbach.de\/wordpress\/wp-json\/wp\/v2\/pages\/813\/revisions\/2855"}],"up":[{"embeddable":true,"href":"https:\/\/www.kindergarten-weidenbach.de\/wordpress\/wp-json\/wp\/v2\/pages\/699"}],"wp:attachment":[{"href":"https:\/\/www.kindergarten-weidenbach.de\/wordpress\/wp-json\/wp\/v2\/media?parent=813"}],"curies":[{"name":"wp","href":"https:\/\/api.w.org\/{rel}","templated":true}]}}